{"version":"1.0","provider_name":"Matiers","provider_url":"https:\/\/matiers.ca\/en","title":"C\u00e9r\u00e9monie d\u2019ouverture du Congr\u00e8s mondial JCI Qu\u00e9bec 2016 - Matiers","type":"rich","width":600,"height":338,"html":"<blockquote class=\"wp-embedded-content\" data-secret=\"gbjbRnsnSu\"><a href=\"https:\/\/matiers.ca\/en\/ceremonie-douverture-du-congres-mondial-jci-quebec-2016\/\">C\u00e9r\u00e9monie d\u2019ouverture du Congr\u00e8s mondial JCI Qu\u00e9bec 2016<\/a><\/blockquote><iframe sandbox=\"allow-scripts\" security=\"restricted\" src=\"https:\/\/matiers.ca\/en\/ceremonie-douverture-du-congres-mondial-jci-quebec-2016\/embed\/#?secret=gbjbRnsnSu\" width=\"600\" height=\"338\" title=\"&#8220;C\u00e9r\u00e9monie d\u2019ouverture du Congr\u00e8s mondial JCI Qu\u00e9bec 2016&#8221; &#8212; Matiers\" data-secret=\"gbjbRnsnSu\" frameborder=\"0\" marginwidth=\"0\" marginheight=\"0\" scrolling=\"no\" class=\"wp-embedded-content\"><\/iframe><script>\n\/*! This file is auto-generated *\/\n!function(d,l){\"use strict\";l.querySelector&&d.addEventListener&&\"undefined\"!=typeof URL&&(d.wp=d.wp||{},d.wp.receiveEmbedMessage||(d.wp.receiveEmbedMessage=function(e){var t=e.data;if((t||t.secret||t.message||t.value)&&!\/[^a-zA-Z0-9]\/.test(t.secret)){for(var s,r,n,a=l.querySelectorAll('iframe[data-secret=\"'+t.secret+'\"]'),o=l.querySelectorAll('blockquote[data-secret=\"'+t.secret+'\"]'),c=new RegExp(\"^https?:$\",\"i\"),i=0;i<o.length;i++)o[i].style.display=\"none\";for(i=0;i<a.length;i++)s=a[i],e.source===s.contentWindow&&(s.removeAttribute(\"style\"),\"height\"===t.message?(1e3<(r=parseInt(t.value,10))?r=1e3:~~r<200&&(r=200),s.height=r):\"link\"===t.message&&(r=new URL(s.getAttribute(\"src\")),n=new URL(t.value),c.test(n.protocol))&&n.host===r.host&&l.activeElement===s&&(d.top.location.href=t.value))}},d.addEventListener(\"message\",d.wp.receiveEmbedMessage,!1),l.addEventListener(\"DOMContentLoaded\",function(){for(var e,t,s=l.querySelectorAll(\"iframe.wp-embedded-content\"),r=0;r<s.length;r++)(t=(e=s[r]).getAttribute(\"data-secret\"))||(t=Math.random().toString(36).substring(2,12),e.src+=\"#?secret=\"+t,e.setAttribute(\"data-secret\",t)),e.contentWindow.postMessage({message:\"ready\",secret:t},\"*\")},!1)))}(window,document);\n\/\/# sourceURL=https:\/\/matiers.ca\/wp-includes\/js\/wp-embed.min.js\n<\/script>","description":"\u00c9v\u00e9nements C\u00e9r\u00e9monie d\u2019ouverture du Congr\u00e8s mondial JCI Qu\u00e9bec 2016 Fen\u00eatre virtuelle sur la beaut\u00e9 du Qu\u00e9bec\u00a0 En 2016, Qu\u00e9bec recevait pour la premi\u00e8re fois le congr\u00e8s mondial des Jeunes chambres de commerces. Pour marquer l\u2019occasion, un grand spectacle con\u00e7u et r\u00e9alis\u00e9 par MATI\u00c8RS ouvrait cet \u00e9v\u00e9nement majeur. Exprimant le caract\u00e8re nordique de Qu\u00e9bec, il se [&hellip;]","thumbnail_url":"https:\/\/matiers.ca\/wp-content\/uploads\/2022\/03\/JCI10-min-scaled.jpg"}